{"id":14980,"date":"2022-05-11T15:37:19","date_gmt":"2022-05-11T15:37:19","guid":{"rendered":"https:\/\/clinicachela.com\/tractaments\/ortodoncia\/"},"modified":"2025-02-27T12:57:59","modified_gmt":"2025-02-27T12:57:59","slug":"ortodoncia","status":"publish","type":"page","link":"https:\/\/clinicachela.com\/ca\/tractaments\/ortodoncia\/","title":{"rendered":"Ortod\u00f2ncia"},"content":{"rendered":"<section class=\"l-section wpb_row us_custom_e2490876 height_medium\"><div class=\"l-section-h i-cf\"><div class=\"g-cols vc_row via_flex valign_top type_default stacking_default\"><div class=\"vc_col-sm-12 wpb_column vc_column_container\"><div class=\"vc_column-inner\"><div class=\"wpb_wrapper\"><div class=\"w-vwrapper us_custom_06df0cb2 align_none valign_top\"><div class=\"w-separator us_custom_7b04da34 has_text_color size_medium with_line width_default thick_3 style_solid color_border align_center\"><div class=\"w-separator-h\"><\/div><\/div><div class=\"w-hwrapper us_custom_04e2c52e service-breadcrumbs has_text_color valign_top align_none\"><span><span><a href=\"https:\/\/clinicachela.com\/ca\/inici2\/\">Inicio<\/a><\/span><\/span><\/div><h1 class=\"w-text us_custom_792e20c8\"><span class=\"w-text-h\"><span class=\"w-text-value\">Ortod\u00f2ncia<\/span><\/span><\/h1><div class=\"w-separator us_custom_7b04da34 has_text_color size_medium with_line width_default thick_3 style_solid color_border align_center\"><div class=\"w-separator-h\"><\/div><\/div><\/div><\/div><\/div><\/div><\/div><\/div><\/section><section class=\"l-section wpb_row height_medium with_img\"><div class=\"l-section-img lazyload\" role=\"img\" data-img-width=\"1349\" data-img-height=\"899\" style=\"background-image:inherit;background-repeat: no-repeat;\" data-bg-image=\"url(https:\/\/clinicachela.com\/wp-content\/uploads\/2022\/05\/img-tratamientos-03.jpg)\"><\/div><div class=\"l-section-overlay\" style=\"background:rgba(255,255,255,0.45)\"><\/div><div class=\"l-section-h i-cf\"><div class=\"g-cols vc_row via_flex valign_top type_default stacking_default\"><div class=\"vc_col-sm-12 wpb_column vc_column_container\"><div class=\"vc_column-inner\"><div class=\"wpb_wrapper\"><div class=\"w-grid type_grid layout_330 cols_4\" id=\"us_grid_1\" style=\"--columns:4;--gap:.5rem;\"><style>@media (max-width:1280px){#us_grid_1{--columns:3!important}}@media (max-width:1024px){#us_grid_1{--columns:2!important}}@media (max-width:600px){#us_grid_1{--columns:1!important}}.layout_330 .w-grid-item-h{box-shadow:0 0.1rem 0.2rem rgba(0,0,0,0.1),0 0.33rem 1rem rgba(0,0,0,0.1);transition-duration:0.3s}.no-touch .layout_330 .w-grid-item-h:hover{box-shadow:0 0rem 0rem rgba(0,0,0,0.1),0 0rem 0rem rgba(0,0,0,0.15);z-index:4}.layout_330 .usg_vwrapper_1{background:rgba(255,255,255,0.75) no-repeat center center \/ 30rem!important;padding:1.5rem 1.5rem 4.5rem 1.5rem!important}.layout_330 .usg_post_image_1{width:8rem!important;margin-left:auto!important;margin-right:auto!important}.layout_330 .usg_post_title_1{font-weight:700!important;font-size:1.4rem!important;margin-bottom:.6rem!important;padding-bottom:.6rem!important;border-bottom-width:2px!important;border-color:#262626!important;border-bottom-style:solid!important}.layout_330 .usg_post_content_1{font-size:.8rem!important}.layout_330 .usg_btn_1{font-family:var(--font-family)!important;font-weight:400!important;font-size:2rem!important;width:fit-content!important;position:absolute!important;bottom:1.5rem!important;background:transparent!important;padding:.2rem .8rem .2rem .8rem!important}<\/style><div class=\"w-grid-list\">\t<article class=\"w-grid-item size_1x1 post-15461 tratamientos type-tratamientos status-publish has-post-thumbnail hentry\" data-id=\"15461\">\r\n\t\t<div class=\"w-grid-item-h\">\r\n\t\t\t\t\t\t<div class=\"w-vwrapper usg_vwrapper_1 align_none valign_top\"><div class=\"w-post-elm post_image usg_post_image_1 has_width\"><a href=\"https:\/\/clinicachela.com\/ortodoncia-estetica\/\" aria-label=\"Ortod\u00f2ncia Est\u00e8tica\"><img decoding=\"async\" data-src=\"https:\/\/clinicachela.com\/wp-content\/uploads\/2022\/05\/vector-21.svg\" class=\"attachment-full size-full wp-post-image lazyload\" alt=\"\" src=\"data:image\/svg+xml;base64,PHN2ZyB3aWR0aD0iMSIgaGVpZ2h0PSIxIiB4bWxucz0iaHR0cDovL3d3dy53My5vcmcvMjAwMC9zdmciPjwvc3ZnPg==\" \/><\/a><\/div><h3 class=\"w-post-elm post_title usg_post_title_1 titulo-grid entry-title color_link_inherit\"><a href=\"https:\/\/clinicachela.com\/ortodoncia-estetica\/\">Ortod\u00f2ncia Est\u00e8tica<\/a><\/h3><div class=\"w-post-elm post_content usg_post_content_1\"><p>Utilitza una s\u00e8rie d&#8217;arcs i brackets amb unes caracter\u00edstiques est\u00e8tiques especials, que fan millorar la imatge de l&#8217;ortod\u00f2ncia, deixant una aparen\u00e7a imperceptible.<\/p>\n<\/div><a class=\"w-btn us-btn-style_1 usg_btn_1\" href=\"https:\/\/clinicachela.com\/ortodoncia-estetica\/\"><span class=\"w-btn-label\">><\/span><\/a><\/div>\t\t<\/div>\r\n\t\t\t<\/article>\r\n\t<article class=\"w-grid-item size_1x1 post-15459 tratamientos type-tratamientos status-publish has-post-thumbnail hentry\" data-id=\"15459\">\r\n\t\t<div class=\"w-grid-item-h\">\r\n\t\t\t\t\t\t<div class=\"w-vwrapper usg_vwrapper_1 align_none valign_top\"><div class=\"w-post-elm post_image usg_post_image_1 has_width\"><a href=\"https:\/\/clinicachela.com\/ortodoncia-autoligable\/\" aria-label=\"Ortod\u00f2ncia Autoligable \u201cUniversal Smile\u201d\"><img decoding=\"async\" data-src=\"https:\/\/clinicachela.com\/wp-content\/uploads\/2022\/05\/vector-22.svg\" class=\"attachment-full size-full wp-post-image lazyload\" alt=\"\" src=\"data:image\/svg+xml;base64,PHN2ZyB3aWR0aD0iMSIgaGVpZ2h0PSIxIiB4bWxucz0iaHR0cDovL3d3dy53My5vcmcvMjAwMC9zdmciPjwvc3ZnPg==\" \/><\/a><\/div><h3 class=\"w-post-elm post_title usg_post_title_1 titulo-grid entry-title color_link_inherit\"><a href=\"https:\/\/clinicachela.com\/ortodoncia-autoligable\/\">Ortod\u00f2ncia Autoligable \u201cUniversal Smile\u201d<\/a><\/h3><div class=\"w-post-elm post_content usg_post_content_1\"><p>\u00c9s un tipus de tractament que mou les dents a trav\u00e9s de les forces exercides per arcs amb mem\u00f2ria el\u00e0stica, les quals es transmeten a la dent a trav\u00e9s dels br\u00e0quets.<\/p>\n<\/div><a class=\"w-btn us-btn-style_1 usg_btn_1\" href=\"https:\/\/clinicachela.com\/ortodoncia-autoligable\/\"><span class=\"w-btn-label\">><\/span><\/a><\/div>\t\t<\/div>\r\n\t\t\t<\/article>\r\n\t<article class=\"w-grid-item size_1x1 post-15463 tratamientos type-tratamientos status-publish has-post-thumbnail hentry\" data-id=\"15463\">\r\n\t\t<div class=\"w-grid-item-h\">\r\n\t\t\t\t\t\t<div class=\"w-vwrapper usg_vwrapper_1 align_none valign_top\"><div class=\"w-post-elm post_image usg_post_image_1 has_width\"><a href=\"https:\/\/clinicachela.com\/ortodoncia-invisible-invisalign\/\" aria-label=\"Invisalign\"><img decoding=\"async\" data-src=\"https:\/\/clinicachela.com\/wp-content\/uploads\/2022\/05\/vector-20.svg\" class=\"attachment-full size-full wp-post-image lazyload\" alt=\"\" src=\"data:image\/svg+xml;base64,PHN2ZyB3aWR0aD0iMSIgaGVpZ2h0PSIxIiB4bWxucz0iaHR0cDovL3d3dy53My5vcmcvMjAwMC9zdmciPjwvc3ZnPg==\" \/><\/a><\/div><h3 class=\"w-post-elm post_title usg_post_title_1 titulo-grid entry-title color_link_inherit\"><a href=\"https:\/\/clinicachela.com\/ortodoncia-invisible-invisalign\/\">Invisalign<\/a><\/h3><div class=\"w-post-elm post_content usg_post_content_1\"><p>Consisteix en una s\u00e8rie de f\u00e8rules pr\u00e0cticament invisibles i removibles que permeten l&#8217;alineaci\u00f3 perfecta de les dents mitjan\u00e7ant moviments graduals.<\/p>\n<\/div><a class=\"w-btn us-btn-style_1 usg_btn_1\" href=\"https:\/\/clinicachela.com\/ortodoncia-invisible-invisalign\/\"><span class=\"w-btn-label\">><\/span><\/a><\/div>\t\t<\/div>\r\n\t\t\t<\/article>\r\n<\/div><div class=\"w-grid-preloader\">\t<div class=\"g-preloader type_1\">\r\n\t\t<div><\/div>\r\n\t<\/div>\r\n\t<\/div>\t<div class=\"w-grid-json hidden\" onclick='return {&quot;action&quot;:&quot;us_ajax_grid&quot;,&quot;infinite_scroll&quot;:0,&quot;max_num_pages&quot;:1,&quot;pagination&quot;:&quot;none&quot;,&quot;template_vars&quot;:{&quot;columns&quot;:&quot;4&quot;,&quot;exclude_items&quot;:&quot;none&quot;,&quot;img_size&quot;:&quot;default&quot;,&quot;ignore_items_size&quot;:0,&quot;items_layout&quot;:&quot;330&quot;,&quot;items_offset&quot;:&quot;1&quot;,&quot;load_animation&quot;:&quot;none&quot;,&quot;overriding_link&quot;:&quot;{\\&quot;url\\&quot;:\\&quot;\\&quot;}&quot;,&quot;post_id&quot;:0,&quot;query_args&quot;:{&quot;ignore_sticky_posts&quot;:1,&quot;post_type&quot;:&quot;any&quot;,&quot;post__in&quot;:[&quot;357&quot;,&quot;358&quot;,&quot;356&quot;],&quot;posts_per_page&quot;:&quot;100&quot;},&quot;orderby_query_args&quot;:{&quot;orderby&quot;:{&quot;post__in&quot;:&quot;ASC&quot;},&quot;order&quot;:&quot;ASC&quot;},&quot;type&quot;:&quot;grid&quot;,&quot;us_grid_post_type&quot;:&quot;ids&quot;,&quot;us_grid_ajax_index&quot;:1,&quot;us_grid_filter_query_string&quot;:null,&quot;us_grid_index&quot;:1,&quot;page_args&quot;:[],&quot;lang&quot;:&quot;ca&quot;}}'><\/div>\r\n\t<\/div><\/div><\/div><\/div><\/div><\/div><\/section><section class=\"l-section wpb_row us_custom_e47d7875 height_large\"><div class=\"l-section-h i-cf\"><div class=\"g-cols vc_row via_flex valign_top type_default stacking_default\"><div class=\"vc_col-sm-12 wpb_column vc_column_container\"><div class=\"vc_column-inner\"><div class=\"wpb_wrapper\"><div class=\"g-cols wpb_row via_flex valign_top type_default stacking_default\" style=\"--additional-gap:1.5rem;\"><div class=\"vc_col-sm-4 wpb_column vc_column_container\"><div class=\"vc_column-inner us_custom_92b2762d\"><div class=\"wpb_wrapper\"><h3 class=\"w-text us_custom_a16e6009\"><span class=\"w-text-h\"><span class=\"w-text-value\">Qu\u00e8 \u00e9s l?ortod\u00f2ncia?<\/span><\/span><\/h3><div class=\"w-separator us_custom_c5787b44 size_small with_line width_default thick_1 style_solid color_text align_center\"><div class=\"w-separator-h\"><\/div><\/div><div class=\"wpb_text_column\"><div class=\"wpb_wrapper\"><p>L&#8217; <strong>ortod\u00f2ncia<\/strong> \u00e9s una branca de l&#8217;odontologia que t\u00e9 la finalitat d&#8217; <strong>estudiar, diagnosticar i tractar aquelles anomalies dentals<\/strong> , \u00e9s a dir, la forma, la posici\u00f3 i l&#8217;estructura de les peces dentals per tornar les funcions masticat\u00f2ries aix\u00ed com millorar la parla, la masticaci\u00f3, la salut i l&#8217;est\u00e8tica. Els <strong>tractaments d&#8217;ortod\u00f2ncia<\/strong> compleixen, avui dia, les expectatives de la societat <strong>cobrint diversos aspectes bucodentals amb la possibilitat d&#8217;aplicar-los a qualsevol edat<\/strong> .<\/p>\n<\/div><\/div><\/div><\/div><\/div><div class=\"vc_col-sm-4 wpb_column vc_column_container\"><div class=\"vc_column-inner us_custom_92b2762d\"><div class=\"wpb_wrapper\"><h3 class=\"w-text us_custom_a16e6009\"><span class=\"w-text-h\"><span class=\"w-text-value\">Per qu\u00e8 serveix l&#039;ortod\u00f2ncia?<\/span><\/span><\/h3><div class=\"w-separator us_custom_c5787b44 size_small with_line width_default thick_1 style_solid color_text align_center\"><div class=\"w-separator-h\"><\/div><\/div><div class=\"wpb_text_column\"><div class=\"wpb_wrapper\"><p>L&#8217; <strong>ortod\u00f2ncia t\u00e9 com a prop\u00f2sit corregir i alinear la posici\u00f3 dental<\/strong> , <strong>afavorint l&#8217;est\u00e8tica i la funcionalitat<\/strong> de les dents. Mitjan\u00e7ant un estudi previ, s&#8217;analitza l&#8217;estat i la disposici\u00f3 dels maxil\u00b7lars per solucionar les possibles anomalies.<\/p>\n<\/div><\/div><\/div><\/div><\/div><div class=\"vc_col-sm-4 wpb_column vc_column_container\"><div class=\"vc_column-inner us_custom_92b2762d\"><div class=\"wpb_wrapper\"><h3 class=\"w-text us_custom_a16e6009\"><span class=\"w-text-h\"><span class=\"w-text-value\">Com funciona?<\/span><\/span><\/h3><div class=\"w-separator us_custom_c5787b44 size_small with_line width_default thick_1 style_solid color_text align_center\"><div class=\"w-separator-h\"><\/div><\/div><div class=\"wpb_text_column\"><div class=\"wpb_wrapper\"><p>Els <strong>tractaments d&#8217;ortod\u00f2ncia<\/strong> es poden comen\u00e7ar a aplicar quan les dents naturals ja han erupcionat (generalment a partir dels 11 anys) sense que hi hagi una edat l\u00edmit. Depenent de cada cas, el tractament pot durar entre 1 i 2 anys. Aquests dispositius <strong>es dissenyen de forma personalitzada per redre\u00e7ar les dents<\/strong> . La col\u00b7locaci\u00f3 d&#8217;aquests aparells \u00e9s <strong>totalment indolora<\/strong> i cada cert temps haur\u00e0s d&#8217;acudir a controls per con\u00e8ixer l&#8217;evoluci\u00f3 i l&#8217;estat de les teves dents. \u00c9s de vital import\u00e0ncia seguir les pautes i les indicacions que proporcionem i cooperar per perfeccionar l&#8217;estat de la teva boca.<\/p>\n<\/div><\/div><\/div><\/div><\/div><\/div><\/div><\/div><\/div><\/div><\/div><\/section><section class=\"l-section wpb_row height_large\"><div class=\"l-section-h i-cf\"><div class=\"g-cols vc_row via_flex valign_top type_default stacking_default\"><div class=\"vc_col-sm-12 wpb_column vc_column_container\"><div class=\"vc_column-inner\"><div class=\"wpb_wrapper\"><h3 class=\"w-text us_custom_46e53a39\"><span class=\"w-text-h\"><span class=\"w-text-value\">Testimonis<\/span><\/span><\/h3><div class=\"w-separator size_small with_line width_default thick_1 style_solid color_text align_center\"><div class=\"w-separator-h\"><\/div><\/div><div class=\"w-grid testimonial-carrousel type_carousel layout_366 items_3\" id=\"us_grid_2\" style=\"--items:3;--gap:1rem;\"><style>.layout_366 .w-grid-item-h{box-shadow:0 0.1rem 0.2rem rgba(0,0,0,0.1),0 0.33rem 1rem rgba(0,0,0,0.1);transition-duration:0.3s}.layout_366 .usg_vwrapper_1{padding:3rem!important;background:url(https:\/\/clinicachela.com\/wp-content\/uploads\/2022\/05\/vector-23.svg) no-repeat center center \/ 8rem!important}.layout_366 .usg_post_title_1{font-family:var(--h1-font-family)!important;font-weight:700!important;font-size:1.2rem!important;padding-bottom:2rem!important;position:absolute!important;left:0!important;bottom:0!important;right:0!important}.layout_366 .usg_post_image_1{width:8rem!important;margin-left:auto!important;margin-right:auto!important;border-radius:20rem!important}.layout_366 .usg_post_content_1{margin-top:2rem!important;margin-bottom:4rem!important}@media (min-width:1025px) and (max-width:1280px){.layout_366 .usg_vwrapper_1{padding:3rem!important}}@media (min-width:601px) and (max-width:1024px){.layout_366 .usg_vwrapper_1{padding:2rem!important}}@media (max-width:600px){.layout_366 .usg_vwrapper_1{padding:1.5rem!important}}<\/style><div class=\"w-grid-list owl-carousel valign_stretch dotstyle_circle navstyle_circle navpos_outside owl-responsive-2000 with_dots with_arrows\" style=\"--transition-duration:350ms;--arrows-size:1.5rem;\">\t<article class=\"w-grid-item post-15628 attachment type-attachment status-inherit hentry\" data-id=\"15628\">\r\n\t\t<div class=\"w-grid-item-h\">\r\n\t\t\t\t\t\t<div class=\"w-vwrapper usg_vwrapper_1 align_none valign_top\"><div class=\"w-post-elm post_image usg_post_image_1 has_width\"><a href=\"https:\/\/clinicachela.com\/ca\/img-testimonio-01\/\" aria-label=\"Mariona Chesa\"><img decoding=\"async\" width=\"1024\" height=\"1024\" data-src=\"https:\/\/clinicachela.com\/wp-content\/uploads\/2025\/02\/img-testimonio-01.jpg\" class=\"attachment-full size-full lazyload\" alt=\"\" src=\"data:image\/svg+xml;base64,PHN2ZyB3aWR0aD0iMSIgaGVpZ2h0PSIxIiB4bWxucz0iaHR0cDovL3d3dy53My5vcmcvMjAwMC9zdmciPjwvc3ZnPg==\" style=\"--smush-placeholder-width: 1024px; --smush-placeholder-aspect-ratio: 1024\/1024;\" \/><\/a><\/div><div class=\"w-post-elm post_content usg_post_content_1\">Vaig anar a fer-me una neteja i vaig quedar encantada. Molt recomanable pel tracte i la professionalitat dels seus treballadors. Tornar\u00e9 sense dubte.<\/div><span class=\"w-post-elm post_title usg_post_title_1 align_center entry-title color_link_inherit\">Mariona Chesa<\/span><\/div>\t\t<\/div>\r\n\t\t\t<\/article>\r\n\t<article class=\"w-grid-item post-15626 attachment type-attachment status-inherit hentry\" data-id=\"15626\">\r\n\t\t<div class=\"w-grid-item-h\">\r\n\t\t\t\t\t\t<div class=\"w-vwrapper usg_vwrapper_1 align_none valign_top\"><div class=\"w-post-elm post_image usg_post_image_1 has_width\"><a href=\"https:\/\/clinicachela.com\/ca\/img-testimonio-02\/\" aria-label=\"Tania Ser\u00e9s\"><img decoding=\"async\" width=\"1024\" height=\"1024\" data-src=\"https:\/\/clinicachela.com\/wp-content\/uploads\/2025\/02\/img-testimonio-02.jpg\" class=\"attachment-full size-full lazyload\" alt=\"\" src=\"data:image\/svg+xml;base64,PHN2ZyB3aWR0aD0iMSIgaGVpZ2h0PSIxIiB4bWxucz0iaHR0cDovL3d3dy53My5vcmcvMjAwMC9zdmciPjwvc3ZnPg==\" style=\"--smush-placeholder-width: 1024px; --smush-placeholder-aspect-ratio: 1024\/1024;\" \/><\/a><\/div><div class=\"w-post-elm post_content usg_post_content_1\">Grans professionals. Un tracte molt bo i professional cap al client, et transmeten molta confian\u00e7a i seguretat. Estic molt contenta des de la meva primera visita, els professionals s\u00f3n molt perfeccionistes a l\u2019hora de fer la seva feina. Sens dubte, el recomano totalment.<\/div><span class=\"w-post-elm post_title usg_post_title_1 align_center entry-title color_link_inherit\">Tania Ser\u00e9s<\/span><\/div>\t\t<\/div>\r\n\t\t\t<\/article>\r\n\t<article class=\"w-grid-item post-15624 attachment type-attachment status-inherit hentry\" data-id=\"15624\">\r\n\t\t<div class=\"w-grid-item-h\">\r\n\t\t\t\t\t\t<div class=\"w-vwrapper usg_vwrapper_1 align_none valign_top\"><div class=\"w-post-elm post_image usg_post_image_1 has_width\"><a href=\"https:\/\/clinicachela.com\/ca\/img-testimonio-03\/\" aria-label=\"Jaume Leal\"><img decoding=\"async\" width=\"1024\" height=\"1024\" data-src=\"https:\/\/clinicachela.com\/wp-content\/uploads\/2025\/02\/img-testimonio-03.jpg\" class=\"attachment-full size-full lazyload\" alt=\"\" src=\"data:image\/svg+xml;base64,PHN2ZyB3aWR0aD0iMSIgaGVpZ2h0PSIxIiB4bWxucz0iaHR0cDovL3d3dy53My5vcmcvMjAwMC9zdmciPjwvc3ZnPg==\" style=\"--smush-placeholder-width: 1024px; --smush-placeholder-aspect-ratio: 1024\/1024;\" \/><\/a><\/div><div class=\"w-post-elm post_content usg_post_content_1\">Fa molts anys que em tracto a la Cl\u00ednica Chela i m'he fet tota mena de tractaments. L'\u00faltim ha estat Invisalign amb l'ortodoncista i he quedat s\u00faper content amb el resultat. La meva cl\u00ednica de confian\u00e7a des del minut u, a m\u00e9s de les instal\u00b7lacions, que s\u00f3n meravelloses. Gr\u00e0cies, equip.<\/div><span class=\"w-post-elm post_title usg_post_title_1 align_center entry-title color_link_inherit\">Jaume Leal<\/span><\/div>\t\t<\/div>\r\n\t\t\t<\/article>\r\n\t<article class=\"w-grid-item post-15622 attachment type-attachment status-inherit hentry\" data-id=\"15622\">\r\n\t\t<div class=\"w-grid-item-h\">\r\n\t\t\t\t\t\t<div class=\"w-vwrapper usg_vwrapper_1 align_none valign_top\"><div class=\"w-post-elm post_image usg_post_image_1 has_width\"><a href=\"https:\/\/clinicachela.com\/ca\/img-testimonio-04\/\" aria-label=\"V\u00edctor D\u00edaz\"><img decoding=\"async\" width=\"1024\" height=\"1024\" data-src=\"https:\/\/clinicachela.com\/wp-content\/uploads\/2025\/02\/img-testimonio-04.jpg\" class=\"attachment-full size-full lazyload\" alt=\"\" src=\"data:image\/svg+xml;base64,PHN2ZyB3aWR0aD0iMSIgaGVpZ2h0PSIxIiB4bWxucz0iaHR0cDovL3d3dy53My5vcmcvMjAwMC9zdmciPjwvc3ZnPg==\" style=\"--smush-placeholder-width: 1024px; --smush-placeholder-aspect-ratio: 1024\/1024;\" \/><\/a><\/div><div class=\"w-post-elm post_content usg_post_content_1\">La meva experi\u00e8ncia en aquesta cl\u00ednica va ser insuperable, un gran tracte per part de tot el professional que hi treballa; per\u00f2, en especial, m\u2019agradaria destacar la feina de la Daniela. Em fa molt respecte anar al dentista i fer-me neteges bucals, i ella, com a gran professional i higienista que \u00e9s, em va ajudar en tot moment a relaxar-me durant el tractament.<\/div><span class=\"w-post-elm post_title usg_post_title_1 align_center entry-title color_link_inherit\">V\u00edctor D\u00edaz<\/span><\/div>\t\t<\/div>\r\n\t\t\t<\/article>\r\n<\/div>\t<div class=\"g-preloader type_1\">\r\n\t\t<div><\/div>\r\n\t<\/div>\r\n\t\t<div class=\"w-grid-json hidden\" onclick='return {&quot;action&quot;:&quot;us_ajax_grid&quot;,&quot;infinite_scroll&quot;:0,&quot;max_num_pages&quot;:1,&quot;pagination&quot;:&quot;none&quot;,&quot;template_vars&quot;:{&quot;columns&quot;:&quot;&quot;,&quot;exclude_items&quot;:&quot;none&quot;,&quot;img_size&quot;:&quot;default&quot;,&quot;ignore_items_size&quot;:0,&quot;items_layout&quot;:&quot;366&quot;,&quot;items_offset&quot;:&quot;0px&quot;,&quot;load_animation&quot;:&quot;none&quot;,&quot;overriding_link&quot;:&quot;%7B%22url%22%3A%22%22%7D&quot;,&quot;post_id&quot;:0,&quot;query_args&quot;:{&quot;post_type&quot;:[&quot;attachment&quot;],&quot;post__in&quot;:[&quot;15628&quot;,&quot;15626&quot;,&quot;15624&quot;,&quot;15622&quot;],&quot;post_status&quot;:&quot;inherit&quot;,&quot;post_mime_type&quot;:&quot;image&quot;,&quot;posts_per_page&quot;:&quot;10&quot;},&quot;orderby_query_args&quot;:{&quot;orderby&quot;:{&quot;post__in&quot;:&quot;ASC&quot;},&quot;order&quot;:&quot;ASC&quot;},&quot;type&quot;:&quot;carousel&quot;,&quot;us_grid_post_type&quot;:&quot;attachment&quot;,&quot;us_grid_ajax_index&quot;:2,&quot;us_grid_filter_query_string&quot;:null,&quot;us_grid_index&quot;:2,&quot;page_args&quot;:[],&quot;lang&quot;:&quot;ca&quot;},&quot;carousel_settings&quot;:{&quot;aria_labels&quot;:{&quot;prev&quot;:&quot;Anterior&quot;,&quot;next&quot;:&quot;Seg\\u00fcent&quot;},&quot;autoplayContinual&quot;:false,&quot;autoplayHoverPause&quot;:false,&quot;autoplayTimeout&quot;:3000,&quot;autoWidth&quot;:false,&quot;smartSpeed&quot;:350,&quot;margin&quot;:0,&quot;mouseDrag&quot;:true,&quot;rtl&quot;:false,&quot;slideBy&quot;:&quot;1&quot;,&quot;touchDrag&quot;:true,&quot;slideTransition&quot;:&quot;&quot;,&quot;responsive&quot;:{&quot;0&quot;:{&quot;autoHeight&quot;:false,&quot;autoplay&quot;:true,&quot;autoWidth&quot;:false,&quot;center&quot;:false,&quot;dots&quot;:true,&quot;items&quot;:1,&quot;loop&quot;:true,&quot;nav&quot;:false,&quot;stagePadding&quot;:0,&quot;slideBy&quot;:&quot;1&quot;},&quot;601&quot;:{&quot;autoHeight&quot;:false,&quot;autoplay&quot;:true,&quot;autoWidth&quot;:false,&quot;center&quot;:false,&quot;dots&quot;:true,&quot;items&quot;:2,&quot;loop&quot;:true,&quot;nav&quot;:true,&quot;stagePadding&quot;:0,&quot;slideBy&quot;:&quot;1&quot;},&quot;1025&quot;:{&quot;autoHeight&quot;:false,&quot;autoplay&quot;:true,&quot;autoWidth&quot;:false,&quot;center&quot;:false,&quot;dots&quot;:true,&quot;items&quot;:3,&quot;loop&quot;:true,&quot;nav&quot;:true,&quot;stagePadding&quot;:0,&quot;slideBy&quot;:&quot;1&quot;},&quot;1281&quot;:{&quot;items&quot;:3,&quot;autoplay&quot;:false,&quot;center&quot;:false,&quot;dots&quot;:true,&quot;nav&quot;:true,&quot;autoHeight&quot;:false,&quot;autoWidth&quot;:false,&quot;loop&quot;:true,&quot;stagePadding&quot;:0}}}}'><\/div>\r\n\t<\/div><\/div><\/div><\/div><\/div><\/div><\/section>\n","protected":false},"excerpt":{"rendered":"La meva experi\u00e8ncia en aquesta cl\u00ednica va ser insuperable, un gran tracte per part de tot el professional que hi treballa; per\u00f2, en especial, m\u2019agradaria destacar la feina de la Daniela. Em fa molt respecte anar al dentista i fer-me neteges bucals, i ella, com a gran professional i higienista que \u00e9s, em va ajudar...","protected":false},"author":5,"featured_media":0,"parent":14902,"menu_order":0,"comment_status":"closed","ping_status":"closed","template":"","meta":{"_acf_changed":false,"footnotes":""},"class_list":["post-14980","page","type-page","status-publish","hentry"],"acf":[],"_links":{"self":[{"href":"https:\/\/clinicachela.com\/ca\/wp-json\/wp\/v2\/pages\/14980"}],"collection":[{"href":"https:\/\/clinicachela.com\/ca\/wp-json\/wp\/v2\/pages"}],"about":[{"href":"https:\/\/clinicachela.com\/ca\/wp-json\/wp\/v2\/types\/page"}],"author":[{"embeddable":true,"href":"https:\/\/clinicachela.com\/ca\/wp-json\/wp\/v2\/users\/5"}],"replies":[{"embeddable":true,"href":"https:\/\/clinicachela.com\/ca\/wp-json\/wp\/v2\/comments?post=14980"}],"version-history":[{"count":11,"href":"https:\/\/clinicachela.com\/ca\/wp-json\/wp\/v2\/pages\/14980\/revisions"}],"predecessor-version":[{"id":15633,"href":"https:\/\/clinicachela.com\/ca\/wp-json\/wp\/v2\/pages\/14980\/revisions\/15633"}],"up":[{"embeddable":true,"href":"https:\/\/clinicachela.com\/ca\/wp-json\/wp\/v2\/pages\/14902"}],"wp:attachment":[{"href":"https:\/\/clinicachela.com\/ca\/wp-json\/wp\/v2\/media?parent=14980"}],"curies":[{"name":"wp","href":"https:\/\/api.w.org\/{rel}","templated":true}]}}