{"id":14996,"date":"2022-05-11T15:33:05","date_gmt":"2022-05-11T15:33:05","guid":{"rendered":"https:\/\/clinicachela.com\/tractaments\/estetica-dental\/blanquejament-dental\/"},"modified":"2025-02-25T12:11:24","modified_gmt":"2025-02-25T12:11:24","slug":"blanquejament-dental","status":"publish","type":"page","link":"https:\/\/clinicachela.com\/ca\/tractaments\/estetica-dental\/blanquejament-dental\/","title":{"rendered":"Blanquejament Dental"},"content":{"rendered":"<section class=\"l-section wpb_row us_custom_ace8c15a height_medium width_full\"><div class=\"l-section-h i-cf\"><div class=\"g-cols vc_row via_flex valign_top type_default stacking_default\"><div class=\"vc_col-sm-12 wpb_column vc_column_container\"><div class=\"vc_column-inner\"><div class=\"wpb_wrapper\"><div class=\"g-cols wpb_row us_custom_96abebca service-breadcrumbs has_text_color via_flex valign_top type_default stacking_default\"><div class=\"vc_col-sm-12 wpb_column vc_column_container\"><div class=\"vc_column-inner\"><div class=\"wpb_wrapper\"><span><span><a href=\"https:\/\/clinicachela.com\/ca\/inici2\/\">Inicio<\/a><\/span><\/span><\/div><\/div><\/div><\/div><div class=\"g-cols wpb_row us_custom_cf78158e via_flex valign_middle type_default stacking_default\"><div class=\"vc_col-sm-6 wpb_column vc_column_container\"><div class=\"vc_column-inner\"><div class=\"wpb_wrapper\"><div class=\"w-vwrapper us_custom_f8ba46b4 align_none valign_top\"><div class=\"w-image us_custom_f77fc018 align_none\"><div class=\"w-image-h\"><img decoding=\"async\" width=\"1024\" height=\"1024\" data-src=\"https:\/\/clinicachela.com\/wp-content\/uploads\/2022\/05\/vector-12.svg\" class=\"attachment-large size-large lazyload\" alt=\"\" src=\"data:image\/svg+xml;base64,PHN2ZyB3aWR0aD0iMSIgaGVpZ2h0PSIxIiB4bWxucz0iaHR0cDovL3d3dy53My5vcmcvMjAwMC9zdmciPjwvc3ZnPg==\" style=\"--smush-placeholder-width: 1024px; --smush-placeholder-aspect-ratio: 1024\/1024;\" \/><\/div><\/div><h2 class=\"w-text us_custom_843ae562\"><span class=\"w-text-h\"><span class=\"w-text-value\">Est\u00e8tica dental<\/span><\/span><\/h2><div class=\"w-separator us_custom_29a0f245 size_custom with_line width_default thick_4 style_solid color_text align_center\" style=\"height:3rem\"><div class=\"w-separator-h\"><\/div><\/div><h1 class=\"w-text us_custom_e95bb6ab\"><span class=\"w-text-h\"><span class=\"w-text-value\">Blanquejament dental<\/span><\/span><\/h1><\/div><\/div><\/div><\/div><div class=\"vc_col-sm-6 wpb_column vc_column_container\"><div class=\"vc_column-inner\"><div class=\"wpb_wrapper\"><div class=\"wpb_text_column us_custom_9d27312c\"><div class=\"wpb_wrapper\"><p>A causa del pas del temps, si no es mantenen uns h\u00e0bits correctes, pot passar que la brillantor i la tonalitat blanca de les dents es vagi perdent.<\/p>\n<p> El blanquejament dental \u00e9s la t\u00e8cnica m\u00e9s efectiva per aconseguir lluir un somriure amb dents blanques i brillants en molt poc temps.<\/p>\n<p> Gr\u00e0cies al blanquejament dental, a <strong>Cl\u00ednica Chela<\/strong> , garantim que el teu somriure rejoveneixi, aportant brillantor i lluminositat.<\/p>\n<\/div><\/div><\/div><\/div><\/div><\/div><\/div><\/div><\/div><\/div><\/div><\/section><section class=\"l-section wpb_row us_custom_d9ebea6d height_medium\"><div class=\"l-section-h i-cf\"><div class=\"g-cols vc_row via_flex valign_top type_default stacking_default\"><div class=\"vc_col-sm-12 wpb_column vc_column_container\"><div class=\"vc_column-inner\"><div class=\"wpb_wrapper\"><\/div><\/div><\/div><\/div><\/div><\/section><section class=\"l-section wpb_row height_huge\"><div class=\"l-section-h i-cf\"><div class=\"g-cols vc_row via_flex valign_top type_default stacking_default\" style=\"--additional-gap:2.5rem;\"><div class=\"vc_col-sm-4 wpb_column vc_column_container\"><div class=\"vc_column-inner us_custom_92b2762d\"><div class=\"wpb_wrapper\"><div class=\"w-image us_custom_92b2762d fullwidth align_none\"><div class=\"w-image-h\"><img decoding=\"async\" width=\"1024\" height=\"685\" data-src=\"https:\/\/clinicachela.com\/wp-content\/uploads\/2022\/06\/img-blanqueamiento-dental-03-1024x685.jpg\" class=\"attachment-large size-large lazyload\" alt=\"\" data-srcset=\"https:\/\/clinicachela.com\/wp-content\/uploads\/2022\/06\/img-blanqueamiento-dental-03-1024x685.jpg 1024w, https:\/\/clinicachela.com\/wp-content\/uploads\/2022\/06\/img-blanqueamiento-dental-03-300x201.jpg 300w, https:\/\/clinicachela.com\/wp-content\/uploads\/2022\/06\/img-blanqueamiento-dental-03.jpg 1113w\" data-sizes=\"(max-width: 1024px) 100vw, 1024px\" src=\"data:image\/svg+xml;base64,PHN2ZyB3aWR0aD0iMSIgaGVpZ2h0PSIxIiB4bWxucz0iaHR0cDovL3d3dy53My5vcmcvMjAwMC9zdmciPjwvc3ZnPg==\" style=\"--smush-placeholder-width: 1024px; --smush-placeholder-aspect-ratio: 1024\/685;\" \/><\/div><\/div><h2 class=\"w-text us_custom_cd795cfd has_text_color\"><span class=\"w-text-h\"><span class=\"w-text-value\">Tipus de blanquejament dental<\/span><\/span><\/h2><div class=\"w-separator size_small\"><\/div><div class=\"w-separator size_small with_line width_default thick_1 style_solid color_text align_center\"><div class=\"w-separator-h\"><\/div><\/div><div class=\"wpb_text_column\"><div class=\"wpb_wrapper\"><p><strong>Blanquejament dental intern<\/strong> : Es realitza en dents amb tractament de conductes que s&#8217;han enfosquit. \u00c9s un tractament simple i molt efectiu.<\/p>\n<p><strong>Blanquejament dental extern<\/strong> : Es realitza aplicant un gel a la superf\u00edcie externa de la dent que s&#8217;activa i produeix un aclariment immediat de les dents a tractar.<\/p>\n<\/div><\/div><\/div><\/div><\/div><div class=\"vc_col-sm-4 wpb_column vc_column_container\"><div class=\"vc_column-inner us_custom_92b2762d\"><div class=\"wpb_wrapper\"><div class=\"w-image us_custom_92b2762d fullwidth align_none\"><div class=\"w-image-h\"><img decoding=\"async\" width=\"1024\" height=\"685\" data-src=\"https:\/\/clinicachela.com\/wp-content\/uploads\/2022\/06\/img-blanqueamiento-dental-04-1024x685.jpg\" class=\"attachment-large size-large lazyload\" alt=\"\" data-srcset=\"https:\/\/clinicachela.com\/wp-content\/uploads\/2022\/06\/img-blanqueamiento-dental-04-1024x685.jpg 1024w, https:\/\/clinicachela.com\/wp-content\/uploads\/2022\/06\/img-blanqueamiento-dental-04-300x201.jpg 300w, https:\/\/clinicachela.com\/wp-content\/uploads\/2022\/06\/img-blanqueamiento-dental-04.jpg 1113w\" data-sizes=\"(max-width: 1024px) 100vw, 1024px\" src=\"data:image\/svg+xml;base64,PHN2ZyB3aWR0aD0iMSIgaGVpZ2h0PSIxIiB4bWxucz0iaHR0cDovL3d3dy53My5vcmcvMjAwMC9zdmciPjwvc3ZnPg==\" style=\"--smush-placeholder-width: 1024px; --smush-placeholder-aspect-ratio: 1024\/685;\" \/><\/div><\/div><h2 class=\"w-text us_custom_cd795cfd has_text_color\"><span class=\"w-text-h\"><span class=\"w-text-value\">T\u00e8cniques de blanquejament dental<\/span><\/span><\/h2><div class=\"w-separator size_small\"><\/div><div class=\"w-separator size_small with_line width_default thick_1 style_solid color_text align_center\"><div class=\"w-separator-h\"><\/div><\/div><div class=\"wpb_text_column\"><div class=\"wpb_wrapper\"><p><strong>Blanquejament dental a cl\u00ednica<\/strong> : La nostra t\u00e8cnica aclareix diversos tons el color de la dent el mateix dia del tractament, obtenint resultats excel\u00b7lents.<\/p>\n<p><strong>Blanquejament a casa<\/strong> : En aquest cas, els resultats s&#8217;aconsegueixen m\u00e9s a llarg termini. Per aix\u00f2 utilitzem f\u00e8rules personalitzades.<\/p>\n<p><strong>Blanquejament dental combinat<\/strong> : Tractament que es realitza a la cl\u00ednica i despr\u00e9s es refor\u00e7a a casa. \u00c9s una t\u00e8cnica molt efica\u00e7 i s&#8217;obtenen uns resultats magn\u00edfics en poc temps.<\/p>\n<\/div><\/div><\/div><\/div><\/div><div class=\"vc_col-sm-4 wpb_column vc_column_container\"><div class=\"vc_column-inner us_custom_92b2762d\"><div class=\"wpb_wrapper\"><div class=\"w-image us_custom_92b2762d fullwidth align_none\"><div class=\"w-image-h\"><img decoding=\"async\" width=\"1024\" height=\"685\" data-src=\"https:\/\/clinicachela.com\/wp-content\/uploads\/2022\/06\/img-blanqueamiento-dental-05-1024x685.jpg\" class=\"attachment-large size-large lazyload\" alt=\"\" data-srcset=\"https:\/\/clinicachela.com\/wp-content\/uploads\/2022\/06\/img-blanqueamiento-dental-05-1024x685.jpg 1024w, https:\/\/clinicachela.com\/wp-content\/uploads\/2022\/06\/img-blanqueamiento-dental-05-300x201.jpg 300w, https:\/\/clinicachela.com\/wp-content\/uploads\/2022\/06\/img-blanqueamiento-dental-05.jpg 1113w\" data-sizes=\"(max-width: 1024px) 100vw, 1024px\" src=\"data:image\/svg+xml;base64,PHN2ZyB3aWR0aD0iMSIgaGVpZ2h0PSIxIiB4bWxucz0iaHR0cDovL3d3dy53My5vcmcvMjAwMC9zdmciPjwvc3ZnPg==\" style=\"--smush-placeholder-width: 1024px; --smush-placeholder-aspect-ratio: 1024\/685;\" \/><\/div><\/div><h2 class=\"w-text us_custom_cd795cfd has_text_color\"><span class=\"w-text-h\"><span class=\"w-text-value\">M\u00e9s info sobre el blanquejament dental<\/span><\/span><\/h2><div class=\"w-separator size_small with_line width_default thick_1 style_solid color_text align_center\"><div class=\"w-separator-h\"><\/div><\/div><div class=\"wpb_text_column\"><div class=\"wpb_wrapper\"><p>No \u00e9s dolor\u00f3s.<\/p>\n<p> Es recomana l&#8217;\u00fas de dentifricis i col\u00b7lutoris especials.<\/p>\n<p> Est\u00e0 contraindicat per a menors d&#8217;edat, dones en lact\u00e0ncia, dents molt fosques, embar\u00e0s, al\u00b7l\u00e8rgia al per\u00f2xid, periodontitis no tractada, c\u00e0ries, estructura dental an\u00f2mala, dents molt restaurades, hipersensibilitat dental o diabetis.<\/p>\n<\/div><\/div><\/div><\/div><\/div><\/div><\/div><\/section>\n","protected":false},"excerpt":{"rendered":"InicioEst\u00e8tica dentalBlanquejament dentalA causa del pas del temps, si no es mantenen uns h\u00e0bits correctes, pot passar que la brillantor i la tonalitat blanca de les dents es vagi perdent. El blanquejament dental \u00e9s la t\u00e8cnica m\u00e9s efectiva per aconseguir lluir un somriure amb dents blanques i brillants en molt poc temps. Gr\u00e0cies al blanquejament...","protected":false},"author":5,"featured_media":0,"parent":14926,"menu_order":0,"comment_status":"closed","ping_status":"closed","template":"","meta":{"_acf_changed":false,"footnotes":""},"class_list":["post-14996","page","type-page","status-publish","hentry"],"acf":[],"_links":{"self":[{"href":"https:\/\/clinicachela.com\/ca\/wp-json\/wp\/v2\/pages\/14996"}],"collection":[{"href":"https:\/\/clinicachela.com\/ca\/wp-json\/wp\/v2\/pages"}],"about":[{"href":"https:\/\/clinicachela.com\/ca\/wp-json\/wp\/v2\/types\/page"}],"author":[{"embeddable":true,"href":"https:\/\/clinicachela.com\/ca\/wp-json\/wp\/v2\/users\/5"}],"replies":[{"embeddable":true,"href":"https:\/\/clinicachela.com\/ca\/wp-json\/wp\/v2\/comments?post=14996"}],"version-history":[{"count":11,"href":"https:\/\/clinicachela.com\/ca\/wp-json\/wp\/v2\/pages\/14996\/revisions"}],"predecessor-version":[{"id":15234,"href":"https:\/\/clinicachela.com\/ca\/wp-json\/wp\/v2\/pages\/14996\/revisions\/15234"}],"up":[{"embeddable":true,"href":"https:\/\/clinicachela.com\/ca\/wp-json\/wp\/v2\/pages\/14926"}],"wp:attachment":[{"href":"https:\/\/clinicachela.com\/ca\/wp-json\/wp\/v2\/media?parent=14996"}],"curies":[{"name":"wp","href":"https:\/\/api.w.org\/{rel}","templated":true}]}}